{"id":1506,"date":"2022-10-23T19:39:37","date_gmt":"2022-10-23T17:39:37","guid":{"rendered":"https:\/\/montesquieu.lestransitionneurs.fr\/leognan-mobilite\/?page_id=1506"},"modified":"2022-10-27T22:06:42","modified_gmt":"2022-10-27T20:06:42","slug":"apprendre-et-comprendre","status":"publish","type":"page","link":"https:\/\/montesquieu.lestransitionneurs.fr\/leognan-mobilite\/apprendre-et-comprendre\/","title":{"rendered":"Apprendre et comprendre"},"content":{"rendered":"\n<p>Ici vous trouvez \u00e0  la suite de cette introduction des articles de la cat\u00e9gorie \u00ab\u00a0apprendre et comprendre\u00a0\u00bb. Car ce n&rsquo;est pas tout d&rsquo;avoir de nouveaux \u00e9quipements\/am\u00e9nagements ou de nouveaux panneaux,  dont on peut critiquer parfois la pertinence, la mise en \u0153uvre.<br>Mais une fois ces  \u00e9quipements\/am\u00e9nagements mis en place, le plus important est de les comprendre et de savoir les utiliser de mani\u00e8re conforme et prudente. <br>En attendant que cette rubrique se remplisse, qui saurait comprendre un tel panneau s&rsquo;il \u00e9tait install\u00e9 \u00e0 L\u00e9ognan?<br> <\/p>\n\n\n\n<figure class=\"wp-block-image size-full\"><img loading=\"lazy\" decoding=\"async\" width=\"186\" height=\"266\" src=\"https:\/\/montesquieu.lestransitionneurs.fr\/leognan-mobilite\/wp-content\/uploads\/sites\/2\/2022\/10\/panneau-mystere.png\" alt=\"\" class=\"wp-image-1507\"\/><\/figure>\n\n\n\n<p>Notre collectif esp\u00e8re pouvoir faire mettre en place dans le cadre de notre projet laur\u00e9at au1er budget participatif de la ville <a rel=\"noreferrer noopener\" href=\"https:\/\/commons.wikimedia.org\/wiki\/File:Panneau_C50_Partageons_Route_Route_M%C3%A2con_Perrex_2.jpg\" target=\"_blank\">ce type de panneau<\/a> non obligatoire.<br>Voir <a rel=\"noreferrer noopener\" href=\"https:\/\/www.cc37.org\/depasser-un-cycliste-sans-le-mettre-en-danger-mode-demploi\/\" target=\"_blank\">cet article sur les r\u00e8gles en vigueur pour le d\u00e9passement d&rsquo;un cycliste<\/a> et aussi <a rel=\"noreferrer noopener\" href=\"https:\/\/www.gracq.org\/demander-un-signal-dindication-pour-le-depassement\" target=\"_blank\">cet article <\/a>qui montre que les probl\u00e9matiques de mise en danger des cyclistes par les automobilistes, sont les m\u00eames en Belgique.<\/p>\n\n\n\n<figure class=\"wp-block-embed is-type-wp-embed is-provider-collectif-mobilite-douce-leognan wp-block-embed-collectif-mobilite-douce-leognan\"><div class=\"wp-block-embed__wrapper\">\n<blockquote class=\"wp-embedded-content\" data-secret=\"J6Wh2nOcH0\"><a href=\"https:\/\/montesquieu.lestransitionneurs.fr\/leognan-mobilite\/nouveau-double-sens-cyclable-rue-de-rambaud\/\">Nouveau double sens cyclable rue de Rambaud<\/a><\/blockquote><iframe loading=\"lazy\" class=\"wp-embedded-content\" sandbox=\"allow-scripts\" security=\"restricted\" style=\"position: absolute; clip: rect(1px, 1px, 1px, 1px);\" title=\"\u00ab\u00a0Nouveau double sens cyclable rue de Rambaud\u00a0\u00bb &#8212; Collectif mobilit\u00e9 Douce - L\u00e9ognan\" src=\"https:\/\/montesquieu.lestransitionneurs.fr\/leognan-mobilite\/nouveau-double-sens-cyclable-rue-de-rambaud\/embed\/#?secret=hQ3hmfNM6W#?secret=J6Wh2nOcH0\" data-secret=\"J6Wh2nOcH0\" width=\"600\" height=\"338\" frameborder=\"0\" marginwidth=\"0\" marginheight=\"0\" scrolling=\"no\"><\/iframe>\n<\/div><\/figure>\n","protected":false},"excerpt":{"rendered":"<p>Ici vous trouvez \u00e0 la suite de cette introduction des articles de la cat\u00e9gorie \u00ab\u00a0apprendre et comprendre\u00a0\u00bb. Car ce n&rsquo;est<\/p>\n","protected":false},"author":1,"featured_media":0,"parent":0,"menu_order":0,"comment_status":"closed","ping_status":"closed","template":"","meta":{"footnotes":""},"class_list":["post-1506","page","type-page","status-publish","hentry"],"_links":{"self":[{"href":"https:\/\/montesquieu.lestransitionneurs.fr\/leognan-mobilite\/wp-json\/wp\/v2\/pages\/1506","targetHints":{"allow":["GET"]}}],"collection":[{"href":"https:\/\/montesquieu.lestransitionneurs.fr\/leognan-mobilite\/wp-json\/wp\/v2\/pages"}],"about":[{"href":"https:\/\/montesquieu.lestransitionneurs.fr\/leognan-mobilite\/wp-json\/wp\/v2\/types\/page"}],"author":[{"embeddable":true,"href":"https:\/\/montesquieu.lestransitionneurs.fr\/leognan-mobilite\/wp-json\/wp\/v2\/users\/1"}],"replies":[{"embeddable":true,"href":"https:\/\/montesquieu.lestransitionneurs.fr\/leognan-mobilite\/wp-json\/wp\/v2\/comments?post=1506"}],"version-history":[{"count":2,"href":"https:\/\/montesquieu.lestransitionneurs.fr\/leognan-mobilite\/wp-json\/wp\/v2\/pages\/1506\/revisions"}],"predecessor-version":[{"id":1542,"href":"https:\/\/montesquieu.lestransitionneurs.fr\/leognan-mobilite\/wp-json\/wp\/v2\/pages\/1506\/revisions\/1542"}],"wp:attachment":[{"href":"https:\/\/montesquieu.lestransitionneurs.fr\/leognan-mobilite\/wp-json\/wp\/v2\/media?parent=1506"}],"curies":[{"name":"wp","href":"https:\/\/api.w.org\/{rel}","templated":true}]}}